{"id":390,"date":"2014-02-15T18:33:51","date_gmt":"2014-02-15T17:33:51","guid":{"rendered":"http:\/\/www.musikkapellehuben.at\/mkneu\/?page_id=390"},"modified":"2024-10-28T19:38:30","modified_gmt":"2024-10-28T18:38:30","slug":"chronik","status":"publish","type":"page","link":"http:\/\/www.musikkapellehuben.at\/mkneu\/chronik\/","title":{"rendered":"Chronik"},"content":{"rendered":"<pre style=\"text-align: center;\"><span style=\"font-size: small;\"><strong>\nGegr\u00fcndet<\/strong>\u00a0wurde die Musikkapelle Huben im Jahre<strong>\u00a01925 von Franz Ambacher<\/strong>, einem Schlossermeister aus der Bezirksstadt Imst. Nur durch die Spenden gro\u00dfz\u00fcgiger G\u00f6nner war es m\u00f6glich, das Geld f\u00fcr den Instrumentenkauf aufzubringen. Der <strong>erste Auftritt<\/strong>\u00a0erfolgte am\u00a0<strong>11.11.1925<\/strong>- dem Tag des Hubener Kirchenpatroziniums. Zu dieser Zeit wird wohl der Gro\u00dfteil der Auftritte in erster Linie kirchlichen Anl\u00e4ssen gedient haben und erst an zweiter Stelle rangierte der gesellschaftlich - unterhaltende Aufgabenbereich.<\/span>\n\n<\/pre>\n<figure style=\"width: 389px\" class=\"wp-caption aligncenter\"><img loading=\"lazy\" decoding=\"async\" class=\"ngg-singlepic ngg-none\" src=\"http:\/\/www.musikkapellehuben.at\/mkneu\/wp-content\/gallery\/chronik\/bild_gruender.jpg\" alt=\"bild_gruender\" width=\"389\" height=\"247\" \/><figcaption class=\"wp-caption-text\">(Bild aus der Gr\u00fcnderzeit)<\/figcaption><\/figure>\n<pre style=\"text-align: center;\"><span style=\"font-size: small;\">Doch mit Beginn des Krieges endete der erste Abschnitt der nunmehr 80 j\u00e4hrigen Geschichte der Musikkapelle Huben. Nach dem Weltkrieg, am <strong>11.11.1947<\/strong>, wurde die Musikkapelle trotz vieler Probleme von einigen Idealisten neu\u00a0<strong>gegr\u00fcndet<\/strong>. Als\u00a0<strong>Kapellmeister<\/strong>fungierte der Lehrer\u00a0<strong>Ernst Taschler<\/strong>,\u00a0<strong>Obmann<\/strong>\u00a0war\u00a0<strong>Alois Sch\u00f6pf<\/strong>. Am <strong>03.06.1962<\/strong>konnten neue Instrumente (27 St\u00fcck) geweiht werden. Im Jahre <strong>1964<\/strong>\u00a0wurde\u00a0<strong>erstmalig das Bezirksmusikfest in Huben\u00a0<\/strong>veranstaltet.<strong>1966<\/strong>- die erste Konzertreise ins Ausland f\u00fchrte die Musikkapelle Huben nach Sindelfingen\/BRD. Weitere Auslandsfahrten folgten 1967, 1969, 1979, 1983, 1984, 1996 (alle BRD), und 2003 Mechelen in Belgien.<\/span>\n\n<\/pre>\n<figure style=\"width: 389px\" class=\"wp-caption aligncenter\"><img loading=\"lazy\" decoding=\"async\" class=\"ngg-singlepic ngg-none\" src=\"http:\/\/www.musikkapellehuben.at\/mkneu\/wp-content\/gallery\/chronik\/bild_mkh_1966.jpg\" alt=\"bild_mkh_1966\" width=\"389\" height=\"215\" \/><figcaption class=\"wp-caption-text\">(Musikkapelle Huben 1966 mit 24 Mitgliedern)<\/figcaption><\/figure>\n<pre style=\"text-align: center;\"><span style=\"font-size: small;\">Am\u00a0<strong>27.08.1987\u00a0<\/strong>wurde der neue Musikpavillon in Beisein von viel Prominenz eingeweiht \u2013 ein Meilenstein in der Geschichte der Musikkapelle.20 Jahre, von\u00a0<strong>1972 bis 1993<\/strong>, leitete<strong>\u00a0Franz Josef Hausegger\u00a0<\/strong>als\u00a0<strong>Kapellmeister\u00a0<\/strong>die Musikkapelle Huben. Von<strong>\u00a01993\u00a0<\/strong>bis zum Jahre<strong>\u00a02006\u00a0<\/strong>war\u00a0<strong>Kapellmeister Andreas Gr\u00fcner\u00a0<\/strong>f\u00fcr die musikalische Leitung verantwortlich. Seit<strong>\u00a02006\u00a0<\/strong>bis zum heutigen Tage leitet<strong>\u00a0Alexander Gr\u00fcner\u00a0<\/strong>die Musikkapelle Huben. Seit <strong>1994<\/strong>\u00a0ist es m\u00f6glich, der Musikkapelle als \u201c<strong>passives Mitglied<\/strong>\u201d beizutreten und diese finanziell zu unterst\u00fctzen. Am<strong>\u00a003.08.1997\u00a0<\/strong>konnte das neue Probelokal eingeweiht werden. <strong>28.05.2003\u00a0<\/strong>- Erstmals hat die Musikkapelle Huben ein Fr\u00fchjahrskonzert (Gemeindesaal L\u00e4ngenfeld) veranstaltet.<\/span>\n\n<\/pre>\n<figure style=\"width: 389px\" class=\"wp-caption aligncenter\"><img loading=\"lazy\" decoding=\"async\" class=\"ngg-singlepic ngg-none\" src=\"http:\/\/www.musikkapellehuben.at\/mkneu\/wp-content\/gallery\/chronik\/bild_mkh_2004.jpg\" alt=\"bild_mkh_2004\" width=\"389\" height=\"247\" \/><figcaption class=\"wp-caption-text\">(Musikkapelle Huben 2004)<\/figcaption><\/figure>\n<pre style=\"text-align: center;\"><span style=\"font-size: small;\">In den vergangenen Jahren konnte die Musikkapelle Huben viele Menschen \u2013 Einheimische und G\u00e4sten \u2013 bei unz\u00e4hligen Konzerten, Festveranstaltungen, kirchlichen und gesellschaftlichen Anl\u00e4ssen, viel Freude bereiten. In dieser Zeit hat die Musikkapelle Huben, dank der begeisterungsf\u00e4higen Musikanten und einer zukunftsorientierten F\u00fchrung gro\u00dfe Fortschritte gemacht \u2013 quantitative, aber besonders qualitative und einen rasanten Schritt nach vorn gemacht. Durch<strong>\u00a0gro\u00dfartige Erfolge bei Konzertwertungsspielen, Marschmusikbewertungen und Konzertauftritten\u00a0<\/strong>hat sich die Musikkapelle Huben weit \u00fcber die regionalen Grenzen hinaus einen <strong>guten Namen\u00a0<\/strong>gemacht.<\/span>\n\n<\/pre>\n<figure style=\"width: 536px\" class=\"wp-caption aligncenter\"><img loading=\"lazy\" decoding=\"async\" class=\"ngg-singlepic ngg-none\" src=\"http:\/\/www.musikkapellehuben.at\/mkneu\/wp-content\/gallery\/chronik\/mkgruppenfoto_logo.jpg\" alt=\"mkgruppenfoto_logo\" width=\"536\" height=\"434\" \/><figcaption class=\"wp-caption-text\">(Musikkapelle Huben 2006)<\/figcaption><\/figure>\n<pre style=\"text-align: center;\"><span style=\"font-size: small;\">Bis zum<strong>\u00a0Jahre 2000<\/strong>\u00a0hat\u00a0<strong>Langzeitobmann Wolfgang Jenewein<\/strong> 23.Jahre die Geschicke der MK-Huben Organisatorisch unter sich.\u00a0<\/span><span style=\"font-size: small;\">Seit dem\u00a0<strong>Jahre 2000<\/strong>\u00a0ist<strong>\u00a0Klotz Werner<\/strong>\u00a0f\u00fcr die Geschicke der MK-Huben verantwortlich.<\/span>\n\n<span style=\"font-size: small;\">In der Musikkapelle Huben wurde immer mehr Wert auf die\u00a0<strong>Ausbildung der Jungmusikanten<\/strong>\u00a0gelegt und so konnte der Zuwachs und die Qualit\u00e4t der Musikkapelle Huben gesteigert werden.<\/span>\n\n<span style=\"font-size: small;\">Im\u00a0<strong>Jahre 2005<\/strong>\u00a0hat die Musikkapelle Huben ein Gro\u00dfprojekt unter dem Titel\u00a0<strong>\u201eFaszination Blasmusik\u201c<\/strong>\u00a0ins Leben gerufen. Gemeinsam mit der\u00a0<strong>MK-L\u00e4ngenfeld<\/strong>\u00a0spielten<strong>\u00a0120 Musikanten<\/strong>\u00a0auf einer B\u00fchne<strong>\u00a0\u201e den Traum eines Reservisten\u201c<\/strong>\u00a0mit gro\u00dfer Videoleinwand im Alten Badl in L\u00e4ngenfeld. 2 Auff\u00fchrung war beim Bezirksmusikfest das die Musikkapelle Huben selbst veranstaltete.<\/span>\n\n<span style=\"font-size: small;\"><strong>2006<\/strong>\u00a0hat die Musikkapelle Huben ihren<strong>\u00a01. Tontr\u00e4ger<\/strong>\u00a0produziert.\u00a0<strong>Die CD<\/strong>\u00a0mit dem Titel\u00a0<strong><a href=\"http:\/\/www.musikkapellehuben.at\/musikkapelle-huben\/?page_id=38\">\u201eFreunde der Blasmusik\u201c<\/a><\/strong>\u00a0beinhaltet 13. Werke und war wohl das Abschiedsgeschenk von unserem sehr gesch\u00e4tzten\u00a0<strong>Kapellmeister Andreas Gr\u00fcner<\/strong>.<\/span>\n\n<span style=\"font-size: small;\">In den Folgenden Jahren hatten wir noch Auslandsfahrten nach Platt im Passeiertal (S\u00fcdtirol) und Sterzing\u00a0(S\u00fcdtirol).<\/span>\n\n<span style=\"font-size: small;\"><strong>2006<\/strong>\u00a0wurde noch der Ger\u00e4teschuppen gemeinsam mit der FF-Huben am Rande des Pavillonplatzes errichtet.<\/span>\n\n<span style=\"font-size: small;\"><strong>2008<\/strong>\u00a0wurde der Pavillonplatz von der Gemeinde L\u00e4ngenfeld im Zuge der Dorferneuerung gestaltet, Gepflastert und Parkpl\u00e4tze Ausgewiesen.<\/span>\n\n<span style=\"font-size: small;\"><strong>2009<\/strong>\u00a0war wieder ein gro\u00dfer H\u00f6hepunkt der Musikkapelle Huben. Anl\u00e4sslich der 200 Jahr-Feier Tiroler Freiheitskampf hat sich die Musikkapelle Huben und L\u00e4ngenfeld entschlossen erneut ein Gro\u00dfprojekt auf die Beine zu stellen. Unter dem Titel \u201eFaszination Blasmusik\u201c wurde das Werk\u00a0<strong>\u201eTirol 1809\u201c<\/strong>\u00a0von beiden Kapellen zusammen viermal auf \u00fcbergro\u00dfen B\u00fchnen mit Beschallung, Videoleinwand, Film (die Freiheit des Adlers) aufgef\u00fchrt (in L\u00e4ngenfeld Altes Badl, Huben Pavillon, St.Leonhard im Passeier und beim Stammg\u00e4stetreffen in L\u00e4ngenfeld).<\/span>\n\n<strong>2010 Die Musikkapelle Huben und die Musikkapelle L\u00e4ngenfeld<\/strong> pflegen eine immer intensivere Zusammenarbeit. So wird regelm\u00e4\u00dfig ein Tourismuskonzert von der MK-Huben in L\u00e4ngenfeld gespielt und genauso die MK-L\u00e4ngenfeld in Huben. Auch treten die beiden Kapellen gegen\u00fcber der \u00f6ffentlichen Stellen immer gemeinsam auf und sind somit eine St\u00e4rke im \u00f6ffentlichen Leben in der Gemeinde und im Musikbezirk.\n\nDas f\u00fchrte auch dazu, da\u00df im <strong>Jahre 2010<\/strong> gemeinsam eine <strong>Jugendkapelle<\/strong> mit dem Namen <strong>HULA<\/strong> gegr\u00fcndet wurde. HULA bedeutet <strong>Jugendkapelle Huben L\u00e4ngenfeld<\/strong> und wurde von unserem <strong>Obmann Werner Klotz<\/strong> ins Leben gerufen.\u00a0Beide Kapellen stellten gemeinsam eine ca. 45 Personen starke Jugendkapelle die Ihren ersten Auftritt beim Tag der Jugend beim Bez.-Musikfest in L\u00e4ngenfeld absolvierte.\u00a0Musikalische Leiter der Kapelle waren unsere Kapellmeister <strong>Alexander Gr\u00fcner<\/strong> und <strong>Klotz Florian<\/strong> von der Musikkapelle L\u00e4ngenfeld\n\n<span style=\"font-size: small;\">Im\u00a0<strong>J\u00e4nner 2011<\/strong>\u00a0bekam die Musikkapelle Huben die M\u00f6glichkeit mit der Musikkapelle L\u00e4ngenfeld beim<a href=\"http:\/\/www.musikkapellehuben.at\/musikkapelle-huben\/?page_id=456\">\u00a0<strong>Tiroler Ball in Wien<\/strong><\/a>\u00a0mit zu wirken. Die Region \u00d6tztal wurde beauftragt das Wochenende in Wien zu Organisieren. Der Absolute H\u00f6hepunkt war wohl\u00a0<strong>die Messe im Stephansdom<\/strong>\u00a0mit ca. 100 Musikanten und verschiedenen Ch\u00f6ren aus dem \u00d6tztal.<\/span>\n\n<\/pre>\n<figure style=\"width: 900px\" class=\"wp-caption aligncenter\"><img loading=\"lazy\" decoding=\"async\" class=\"ngg-singlepic ngg-none\" src=\"http:\/\/www.musikkapellehuben.at\/mkneu\/wp-content\/gallery\/chronik\/mk-huben-2011-b_web.jpg\" alt=\"mk-huben-2011-b_web\" width=\"900\" height=\"630\" \/><figcaption class=\"wp-caption-text\">(Musikkapelle Huben 2011)<\/figcaption><\/figure>\n<pre style=\"text-align: center;\"><span style=\"font-size: small;\">Im Fr\u00fchjahr<strong>\u00a02011<\/strong>\u00a0errichtete die Musikkapelle Huben mit den Vereinen von Huben und der Gemeinde L\u00e4ngenfeld die\u00a0<strong>Pavillonvorplatz\u00fcberdachung<\/strong>. Somit sind wir nun im Besitz eines Veranstaltungszentrums mit Pavillon und Probelokal das seinesgleichen sucht. Bei der Bez.-Marschmusikbewertung trat die Musikkapelle Huben erstmals in der Stufe E mit gro\u00dfem Erfolg an. <\/span><span style=\"font-size: small;\">Seit\u00a0<strong>2011<\/strong>\u00a0gehen die Musikantinnen der Musikkapelle Huben in \u00d6tztaler Tracht.<\/span>\n\n<\/pre>\n<figure style=\"width: 720px\" class=\"wp-caption aligncenter\"><img loading=\"lazy\" decoding=\"async\" class=\"ngg-singlepic ngg-none\" src=\"http:\/\/www.musikkapellehuben.at\/mkneu\/wp-content\/gallery\/tracht-musikkantinnen\/img_2982.jpg\" alt=\"img_2982\" width=\"720\" height=\"480\" \/><figcaption class=\"wp-caption-text\">(Tracht der Musikantinnen der Musikkapelle Huben)<\/figcaption><\/figure>\n<pre style=\"text-align: center;\"><strong>2012<\/strong> Die Musikkapelle Huben hat immer gr\u00f6\u00dfere finanzielle Ausgaben durch die vielen Mitglieder. Deshalb hat die Musikkapelle Huben sich entschlossen das <strong>Bez.-Musikfest<\/strong> durch zu f\u00fchren. Viel Arbeit und und ein gelungenes Fest, obwohl es bei der Messe geregnet hat wurden zum Schluss belohnt.\n\nBeim Fr\u00fchjahrskonzert durfte die Musikkapelle <strong>erstmals<\/strong> im neu <strong>renovierten Gemeindesaal<\/strong> spielen der jetzt besser auf die Musikkapellen abgestimmt ist.\n\n<a href=\"http:\/\/www.musikkapellehuben.at\/mkneu\/wp-content\/uploads\/2016\/01\/88304561-95A1-4135-A44B-AEC266F21B36.jpeg\"><img loading=\"lazy\" decoding=\"async\" class=\"aligncenter size-full wp-image-1549\" src=\"http:\/\/www.musikkapellehuben.at\/mkneu\/wp-content\/uploads\/2016\/01\/88304561-95A1-4135-A44B-AEC266F21B36.jpeg\" alt=\"\" width=\"750\" height=\"470\" srcset=\"http:\/\/www.musikkapellehuben.at\/mkneu\/wp-content\/uploads\/2016\/01\/88304561-95A1-4135-A44B-AEC266F21B36.jpeg 750w, http:\/\/www.musikkapellehuben.at\/mkneu\/wp-content\/uploads\/2016\/01\/88304561-95A1-4135-A44B-AEC266F21B36-632x396.jpeg 632w\" sizes=\"(max-width: 750px) 100vw, 750px\" \/><\/a>\n\n<strong>2013<\/strong> Die Musikkapelle Huben hat seit einigen Jahren immer schon einen Mitgliederstand um die 60 Leute incl. 5 Marketenderinnen. Die Aufm\u00e4rsche zu den Konzerten beim Pavillon wurden ab den letzten Jahr immer mit einem <strong>Showteil<\/strong> absolviert und hatte gro\u00dfen Anklang bei G\u00e4sten und Einheimischen. Verst\u00e4rkt setzte die Musikkapelle Huben auf das <strong>Marschieren mit Stra\u00dfenshow<\/strong> und besonders lag der Fokus um die Jungen Mitglieder zu begeistern.\n\n<strong>2014 <\/strong>Ein kleiner Zubau erweitere unser Pavillon. Ein Abstellraum f\u00fcr das Schlagzeug wurde in Eigenregie der Musikanten gebaut. F\u00fcr die Kameradschaft wurde ein <strong>Ausflug<\/strong> nach <strong>Neumarkt am Wallersee<\/strong> organisiert wo wir einen Aufmarsch und ein Konzert gaben, am 2. Tag wurde die Stiegl-Brauerei besichtigt.\n\n<\/pre>\n<p style=\"text-align: center;\"><a href=\"http:\/\/www.musikkapellehuben.at\/mkneu\/wp-content\/uploads\/2014\/02\/BILD1510-2.jpg\"><img loading=\"lazy\" decoding=\"async\" class=\"size-full wp-image-1788\" src=\"http:\/\/www.musikkapellehuben.at\/mkneu\/wp-content\/uploads\/2014\/02\/BILD1510-2.jpg\" alt=\"\" width=\"3072\" height=\"2304\" srcset=\"http:\/\/www.musikkapellehuben.at\/mkneu\/wp-content\/uploads\/2014\/02\/BILD1510-2.jpg 3072w, http:\/\/www.musikkapellehuben.at\/mkneu\/wp-content\/uploads\/2014\/02\/BILD1510-2-632x474.jpg 632w, http:\/\/www.musikkapellehuben.at\/mkneu\/wp-content\/uploads\/2014\/02\/BILD1510-2-768x576.jpg 768w, http:\/\/www.musikkapellehuben.at\/mkneu\/wp-content\/uploads\/2014\/02\/BILD1510-2-1020x765.jpg 1020w\" sizes=\"(max-width: 3072px) 100vw, 3072px\" \/><\/a><\/p>\n<pre style=\"text-align: center;\"><strong>2015\u00a0 <\/strong>Das erste mal im Bezirk Imst wurde das <strong>Bez.-Musikfest<\/strong> und der <strong>Bez.-Feuerwehrwettbewerb<\/strong> gemeinsam am gleichen Wochenende ausgetragen. Die MK-Huben und die FF-Huben waren die Veranstalter und haben einen n\u00e4chsten Trend in Sachen Bez.-Veranstaltungen gesetzt. Durch die gute Zusammenarbeit mit der FF-Huben haben wir ein tolles Fest veranstaltet. Im Herbst konzertierte die Musikkapelle Huben in Kirchdorf im Unterinntal. Zum Schulbeginn f\u00fchrte die <strong>MK-Huben<\/strong> gemeinsam mit der <strong>Volksschule Huben<\/strong> und der <strong>Landesmusikschule \u00d6tztal<\/strong> eine <strong>Bl\u00e4serklasse<\/strong> ein, die gleich mit 14 Sch\u00fclern startete.\n\n<strong>2016<\/strong> Alle drei Jahre nimmt die Musikkapelle Huben am Bez.-Wertungsspiel teil dieses Jahr ebenso, mit der <strong>h\u00f6chsten Punkteanzahl in der Stufe C<\/strong> erreichten wir eine <b>Goldmedaille<\/b><strong> mit Auszeichnung<\/strong>. Zudem konnte das Tenorhornregister den <strong>Registerpreis<\/strong> mit nach Hause nehmen\n\nZum Sommerbeginn Veranstaltete die \"Huebar B\u00f6hmische\" gemeinsam mit der Bl\u00e4serklasse das Sommerer\u00f6ffnungskonzert beim Pavillon.\n\n<strong>2017<\/strong> Einen intensiven Sommer erlebte die Musikkapelle in diesem Jahr.\u00a0Mit\u00a0\u00a0einem <strong>Gemeinschaftsprojekt<\/strong> mit der <strong>Chorgemeinschaft Huben<\/strong> wurde das Fr\u00fchjahrskonzert absolviert. Anfang Juli hatten wir die gro\u00dfe Ehre gemeinsam das erlernte im Zuge der <strong>Promenadenkonzerte<\/strong> bei der <strong>Hofburg in Innsbruck<\/strong> aufzuf\u00fchren. Ein gewaltiges Erlebnis f\u00fcr Musikkapelle und Chorgemeinschaft Huben.\n\nIm Juli beim Bez.-Musikfest in Silz nahmen wir bei der <strong>Marschmusikbewertung in Stufe E<\/strong> teil wo wir die h\u00f6chste Punkteanzahl erreichen konnten. Seit Jahren spielen wir jetzt schon im Zuge der<strong> Adventfenster<\/strong> in der Gemeinde L\u00e4ngenfeld ein <strong>Adventkonzert in der Pfarrkirche Huben<\/strong> das sehr beliebt ist und zu einem Fixpunkt in unserem Kalender geworden ist.\n\n<strong>2018<\/strong> Neben den immer dichter werdenden Terminkalender in der MK-Huben haben wir uns f\u00fcr eine <strong>Konzertreise nach Belgien<\/strong> entschlossen. Wir reisten mit <strong>dem Flugzeug und 57 Mitgliedern<\/strong> nach Mechelen, wo wir wie 2003 die <strong>Musikkapelle \" Frolijke Frienden\"<\/strong> die uns eingeladen hatten besuchten. Ein Aufmarsch durch die Fu\u00dfg\u00e4ngerzone und ein Konzert gaben wir zum Besten. Am Abend gaben wir ein <strong>Galakonzert im gro\u00dfen Saal von Mechelen<\/strong> wo wir mit der <strong>\"Huebar B\u00f6hmischen\"<\/strong> gemeinsam konzertierten.\n\nDie <strong>Jugendkapelle HULA<\/strong> hatte ihren ersten\u00a0politisch organisierten\u00a0Auftritt bei der <strong>50. Jahrfeier<\/strong> der <strong>Timmelsjochstra\u00dfe<\/strong> wo wir die Aush\u00e4ngeschilder f\u00fcr ein gemeinsames Tirol waren.\n\n<strong>2019<\/strong> Das war wieder ein intensives Jahr f\u00fcr die Musikkapelle Huben. Die Jugendarbeit tr\u00e4gt Fr\u00fcchte eine ganze Schar an jungen Musikanten\/innen sind mit Eifer bei der Musikkapelle. fast jedes Jahr hatten wir <strong>Goldene Leistungsabzeichen<\/strong> und <strong>Musikschulabschl\u00fcsse<\/strong> zu feiern.\n\nBeim <strong>Konzertwertungsspiel<\/strong> in Haiming erspielten wir erstmals und die einzige Musikkapelle der Musikbezirkes in der <strong>Stufe D eine <\/strong><b>Goldmedaille<\/b>. Im Herbst bekamen wir eine Anfrage zusammen mit der MK-L\u00e4ngenfeld und den Ch\u00f6ren der Gemeinde eine Messe im Petersdom zu Rom und ein Weihnachtskonzert am Petersplatz zu spielen. Nach einer intensiven\n\nVorbereitungsphase konnten wir mit fast 200 Personen die Pilgerreise antreten. Ein unvergessliches Erlebnis die Messe im Petersdom, das St\u00e4ndchen f\u00fcr den Kardinal in der Sakristei und dann spielten wir noch f\u00fcr Papst Franziskus bei der Audienz wo er sich f\u00fcr die weihnachtlichen Gr\u00fc\u00dfe aus Tirol bedankte.\n\n<a href=\"http:\/\/www.musikkapellehuben.at\/mkneu\/wp-content\/uploads\/2019\/12\/F33B6D26-2678-41E1-B2CA-2A675706FEFB.jpeg\"><img loading=\"lazy\" decoding=\"async\" class=\"aligncenter size-full wp-image-1687\" src=\"http:\/\/www.musikkapellehuben.at\/mkneu\/wp-content\/uploads\/2019\/12\/F33B6D26-2678-41E1-B2CA-2A675706FEFB.jpeg\" alt=\"\" width=\"1080\" height=\"637\" srcset=\"http:\/\/www.musikkapellehuben.at\/mkneu\/wp-content\/uploads\/2019\/12\/F33B6D26-2678-41E1-B2CA-2A675706FEFB.jpeg 1080w, http:\/\/www.musikkapellehuben.at\/mkneu\/wp-content\/uploads\/2019\/12\/F33B6D26-2678-41E1-B2CA-2A675706FEFB-632x373.jpeg 632w, http:\/\/www.musikkapellehuben.at\/mkneu\/wp-content\/uploads\/2019\/12\/F33B6D26-2678-41E1-B2CA-2A675706FEFB-768x453.jpeg 768w, http:\/\/www.musikkapellehuben.at\/mkneu\/wp-content\/uploads\/2019\/12\/F33B6D26-2678-41E1-B2CA-2A675706FEFB-1020x602.jpeg 1020w\" sizes=\"(max-width: 1080px) 100vw, 1080px\" \/><\/a>\n\n<a href=\"http:\/\/www.musikkapellehuben.at\/mkneu\/wp-content\/uploads\/2016\/01\/cb200cd0-0b0a-4580-9426-f6f15ce3cfa9.jpg\"><img loading=\"lazy\" decoding=\"async\" class=\"aligncenter size-full wp-image-1704\" src=\"http:\/\/www.musikkapellehuben.at\/mkneu\/wp-content\/uploads\/2016\/01\/cb200cd0-0b0a-4580-9426-f6f15ce3cfa9.jpg\" alt=\"\" width=\"1024\" height=\"768\" srcset=\"http:\/\/www.musikkapellehuben.at\/mkneu\/wp-content\/uploads\/2016\/01\/cb200cd0-0b0a-4580-9426-f6f15ce3cfa9.jpg 1024w, http:\/\/www.musikkapellehuben.at\/mkneu\/wp-content\/uploads\/2016\/01\/cb200cd0-0b0a-4580-9426-f6f15ce3cfa9-632x474.jpg 632w, http:\/\/www.musikkapellehuben.at\/mkneu\/wp-content\/uploads\/2016\/01\/cb200cd0-0b0a-4580-9426-f6f15ce3cfa9-768x576.jpg 768w, http:\/\/www.musikkapellehuben.at\/mkneu\/wp-content\/uploads\/2016\/01\/cb200cd0-0b0a-4580-9426-f6f15ce3cfa9-1020x765.jpg 1020w\" sizes=\"(max-width: 1024px) 100vw, 1024px\" \/><\/a>\n\n<a href=\"http:\/\/www.musikkapellehuben.at\/mkneu\/wp-content\/uploads\/2016\/01\/bf13d886-5e4e-4661-b017-18e29b9595a9.jpg\"><img loading=\"lazy\" decoding=\"async\" class=\"aligncenter size-full wp-image-1702\" src=\"http:\/\/www.musikkapellehuben.at\/mkneu\/wp-content\/uploads\/2016\/01\/bf13d886-5e4e-4661-b017-18e29b9595a9.jpg\" alt=\"\" width=\"768\" height=\"1024\" srcset=\"http:\/\/www.musikkapellehuben.at\/mkneu\/wp-content\/uploads\/2016\/01\/bf13d886-5e4e-4661-b017-18e29b9595a9.jpg 768w, http:\/\/www.musikkapellehuben.at\/mkneu\/wp-content\/uploads\/2016\/01\/bf13d886-5e4e-4661-b017-18e29b9595a9-632x843.jpg 632w\" sizes=\"(max-width: 768px) 100vw, 768px\" \/><\/a>\n\n<strong>2020<\/strong> Der Erfolg der letzten Jahre ist sicher auch den <strong>langj\u00e4hrigen Funktion\u00e4ren<\/strong> und den sehr <strong>aktiven Ausschuss<\/strong> geschuldet. So\u00a0hatten wir seit \u00fcber <strong>40 Jahren<\/strong> nur zwei Obm\u00e4nner <strong>(Jenewein Wolfgang 23 Jahre und Klotz Werner 20 Jahre)<\/strong>\u00a0 seit fast<strong> 50 Jahren<\/strong> nur drei Kapellmeister <strong>(Hausegger Franz Josef 22 Jahre, Gr\u00fcner Andreas 13 Jahre und Gr\u00fcner Alexander 14 Jahre).<\/strong> Zudem hatten wir in den letzten <strong>26 Jahren<\/strong> nur zwei Stabf\u00fchrer <strong>(Sch\u00f6pf Konrad 19 Jahre und Sch\u00f6pf Thomas 17 Jahre<\/strong>)\n\n<\/pre>\n<figure id=\"attachment_883\" aria-describedby=\"caption-attachment-883\" style=\"width: 1000px\" class=\"wp-caption aligncenter\"><a href=\"http:\/\/www.musikkapellehuben.at\/mkneu\/wp-content\/uploads\/2016\/01\/IMGL0015.jpg\"><img loading=\"lazy\" decoding=\"async\" class=\"size-full wp-image-883\" src=\"http:\/\/www.musikkapellehuben.at\/mkneu\/wp-content\/uploads\/2016\/01\/IMGL0015.jpg\" alt=\"\" width=\"1000\" height=\"667\" srcset=\"http:\/\/www.musikkapellehuben.at\/mkneu\/wp-content\/uploads\/2016\/01\/IMGL0015.jpg 1000w, http:\/\/www.musikkapellehuben.at\/mkneu\/wp-content\/uploads\/2016\/01\/IMGL0015-420x280.jpg 420w, http:\/\/www.musikkapellehuben.at\/mkneu\/wp-content\/uploads\/2016\/01\/IMGL0015-632x422.jpg 632w, http:\/\/www.musikkapellehuben.at\/mkneu\/wp-content\/uploads\/2016\/01\/IMGL0015-768x512.jpg 768w\" sizes=\"(max-width: 1000px) 100vw, 1000px\" \/><\/a><figcaption id=\"caption-attachment-883\" class=\"wp-caption-text\">v.l. Thomas Sch\u00f6pf (Stabf\u00fchrer), Alexander Gr\u00fcner (Kapellmeister), Werner Klotz (Obmann)<\/figcaption><\/figure>\n<pre style=\"text-align: center;\">Durch die Motivation der Romreise war das Neujahrspielen<span style=\"color: #ff0000;\"> 2020<\/span> wieder ein voller Erfolg. Beim \"Spiel in kleinen Gruppen\" ist die Musikkapelle Huben mit vier Vereinseigenen Gruppen angetreten. Die Probearbeiten und ein Probeabend mit einem Gastdirigenten waren <span style=\"color: #008000;\">erfolgreich.<\/span> Zwei Wochen vor dem Fr\u00fchjahrskonzert dann der Corona bedingte Stillstand. Es war nicht m\u00f6glich das Probelokal mit Musikanten zu f\u00fcllen und die Folge ein mehrmals verschobenes und schlie\u00dflich abgesagtes Fr\u00fchjahrskonzert. Die ersten Auftritte waren die Prozessionen und im Sommer die Tourismuskonzerte. Das geplante Bez.-Musikfest in Huben wurde abgesagt.\n\nNeu gegr\u00fcndet wurde in der Corona-Zeit die Junge Gruppe <span style=\"color: #ff0000;\">\"d'Huebar Musikontn\" <\/span>die auch einige Auftritte machen konnten\n\n<a href=\"http:\/\/www.musikkapellehuben.at\/mkneu\/wp-content\/uploads\/2014\/02\/MG_5653-1.jpg\"><img loading=\"lazy\" decoding=\"async\" class=\"aligncenter size-medium wp-image-2130\" src=\"http:\/\/www.musikkapellehuben.at\/mkneu\/wp-content\/uploads\/2014\/02\/MG_5653-1-632x421.jpg\" alt=\"\" width=\"632\" height=\"421\" srcset=\"http:\/\/www.musikkapellehuben.at\/mkneu\/wp-content\/uploads\/2014\/02\/MG_5653-1-632x421.jpg 632w, http:\/\/www.musikkapellehuben.at\/mkneu\/wp-content\/uploads\/2014\/02\/MG_5653-1-420x280.jpg 420w, http:\/\/www.musikkapellehuben.at\/mkneu\/wp-content\/uploads\/2014\/02\/MG_5653-1-768x512.jpg 768w, http:\/\/www.musikkapellehuben.at\/mkneu\/wp-content\/uploads\/2014\/02\/MG_5653-1-1020x680.jpg 1020w, http:\/\/www.musikkapellehuben.at\/mkneu\/wp-content\/uploads\/2014\/02\/MG_5653-1.jpg 1920w\" sizes=\"(max-width: 632px) 100vw, 632px\" \/><\/a>Die \"Huebar Musikontn\" gegr\u00fcndet im Jahre 2020\n\nEine intensive Probearbeit im Herbst f\u00fcr ein Herbstkonzert und das Adventkonzert wurden durch einen neuerlichen Lockdown gestoppt und es musste alles wieder abgesagt werden. Keine Konzerte, keine C\u00e4ciliafeier und keine Jahreshauptversammlung. Das Neujahranblasen 2021 musste ebenso abgesagt werden.\n\n<span style=\"color: #ff0000;\">Erst im Feber 2021<\/span> konnten wir wieder mit der Musikschule im Rahmen der Ausbildung mit kleinen Gruppen proben. Das Fr\u00fchjahrskonzert wurde neuerlich abgesagt. Die ersten Ausr\u00fcckungen waren wieder die Fronleichnam- und die Herz-Jesu-Prozession mit Konzert.\n\nEinen besonderen Auftritt konnte die Gruppe <span style=\"color: #ff0000;\">\"d'Huebar B\u00f6hmische\"<\/span> verbuchen. Sie spielten bei der live Fernsehsendung<span style=\"color: #ff0000;\"> \"mei liabste Weis\"<\/span> mit Franzl Bosch das f\u00fcr unsere Spitzengruppe wohl zu eines der besonderen Ausr\u00fcckungen in Ihrer Bestandsgeschichte bleiben wird.\n\nDie Tourismuskonzerte fanden wieder statt und die Musikkapelle Huben veranstaltete wohl eines von wenigen Bezirksmusikfesten in Tirol 2021 mit beachtlichem Erfolg aber mit gro\u00dfen Sicherheitsauflagen\n\n<img decoding=\"async\" class=\"aligncenter\" src=\"http:\/\/www.musikkapellehuben.at\/mkneu\/wp-content\/uploads\/2021\/07\/210718_mk_huben_bezirksmusikfest_instagram_3G-632x632.jpg\" \/>\n\nNach neuerlichen Proben im Herbst mussten wir ein zweites mal das Herbstkonzert und das Adventkonzert absagen.\n\nDie Gemeinde hat uns im Jahre 2021 einen Probelokalzubau erm\u00f6glicht der f\u00fcr uns Musikanten auch sehr herausfordernd war. Konnten wir doch zus\u00e4tzlich die Pavillonb\u00fchne vergr\u00f6\u00dfern und das Pavillon bekam eine Rundumerneuerung. Bis zum Einzug in das neue Probelokal leisteten die Musikanten-innen \u00fcber 900 freiwillige Stunden damit wir ein sch\u00f6nes Zuhause haben.\n\n\n<img loading=\"lazy\" decoding=\"async\" class=\"aligncenter wp-image-1982\" src=\"http:\/\/www.musikkapellehuben.at\/mkneu\/wp-content\/uploads\/2016\/01\/FE2AA0ED-DA80-48DC-9C10-794A456C896B-632x843.jpeg\" alt=\"\" width=\"490\" height=\"653\" srcset=\"http:\/\/www.musikkapellehuben.at\/mkneu\/wp-content\/uploads\/2016\/01\/FE2AA0ED-DA80-48DC-9C10-794A456C896B-632x843.jpeg 632w, http:\/\/www.musikkapellehuben.at\/mkneu\/wp-content\/uploads\/2016\/01\/FE2AA0ED-DA80-48DC-9C10-794A456C896B.jpeg 768w\" sizes=\"(max-width: 490px) 100vw, 490px\" \/>\n\nSehr erfreulich war es dass wir das Neujahranblasen am 1. J\u00e4nner 2022 wieder abhalten konnten und so musikalisch ins neue Jahr starteten. Die Freude war allen ins Gesicht geschrieben.\nDas Jahr 2022 war gepr\u00e4gt, da\u00df nach den Corona-Jahren wieder Normalit\u00e4t in das Vereinsleben eingekehrt war. So konnten wir Im Februar 2022 die Jahreshauptversammlungen f\u00fcr 2020 und 2021 nachholen und es wurden Neuwahlen durchgef\u00fchrt. Der gesamte Ausschu\u00df stellte sich zur Wiederwahl. Obwohl da schon der<strong> gro\u00dfe Generationswechsel in den n\u00e4chsten zwei Jahren angek\u00fcndigt wurde<\/strong>. Ein normales Fr\u00fchjahrskonzert wurde wieder abhalten obwohl erst ein paar Wochen vorher die Auflagen wegen Corona gelockert wurden. Das Herz-Jesu-Konzert und Bez.-Musikfest waren auch wieder ein tolles Erlebnis. Die Musikkapelle Huben spielte zudem beim Schmankerlfest in Stams auf und im Herbst besuchten wir die Musikkapelle Finkenberg im Zillertal und spielten da ein Abendkonzert im neuen Pavillon. Am n\u00e4chsten Tag wurde ein eint\u00e4giger Ausflug angeh\u00e4ngt um am Abend wieder zur\u00fcck ins \u00d6tztal zu reisen.<strong> Auch wurden die Weichen f\u00fcr das Bez.-Musikfest 2024 in Huben gestellt wo wir ja die 100-Jahr-Feier unseres Vereines begehen.<\/strong>\n<img loading=\"lazy\" decoding=\"async\" class=\"aligncenter size-medium wp-image-2334\" src=\"http:\/\/www.musikkapellehuben.at\/mkneu\/wp-content\/uploads\/2022\/09\/ce8fa05a-e59b-4bf1-8ccc-2445075f6433-632x893.jpg\" alt=\"\" width=\"632\" height=\"893\" srcset=\"http:\/\/www.musikkapellehuben.at\/mkneu\/wp-content\/uploads\/2022\/09\/ce8fa05a-e59b-4bf1-8ccc-2445075f6433-632x893.jpg 632w, http:\/\/www.musikkapellehuben.at\/mkneu\/wp-content\/uploads\/2022\/09\/ce8fa05a-e59b-4bf1-8ccc-2445075f6433-1020x1442.jpg 1020w, http:\/\/www.musikkapellehuben.at\/mkneu\/wp-content\/uploads\/2022\/09\/ce8fa05a-e59b-4bf1-8ccc-2445075f6433-768x1086.jpg 768w, http:\/\/www.musikkapellehuben.at\/mkneu\/wp-content\/uploads\/2022\/09\/ce8fa05a-e59b-4bf1-8ccc-2445075f6433-1087x1536.jpg 1087w, http:\/\/www.musikkapellehuben.at\/mkneu\/wp-content\/uploads\/2022\/09\/ce8fa05a-e59b-4bf1-8ccc-2445075f6433.jpg 1415w\" sizes=\"(max-width: 632px) 100vw, 632px\" \/>\n<strong>2023<\/strong>\n\nDas Jahr 2023 war ein ganz intensives Jahr f\u00fcr die Musikkapelle und so wurde das ganze Jahr \u00fcber ein Teil des angek\u00fcndigten Generationswechsels durchgef\u00fchrt.\nZuerst aber probten wir im Winter f\u00fcr das letzte Fr\u00fchjahrskonzert mit unserm verdienten Kapellmeister Alexander Gr\u00fcner. Dann machten wir uns auf zu den Marschproben im Fr\u00fchjahr da ja beim <strong>Bez.-Musikfest in Rietz die Marschmusikbewertung<\/strong> auf dem Programm stand. mit unserem <strong>Stabf\u00fcher Thomas Sch\u00f6pf<\/strong> traten wir in der h\u00f6chsten <strong>Stufe in \"E\" an<\/strong> und wurden mit der Besten Bewertung vom Tag belohnt (Stufe \"E\" <strong>mit 92,43 Punkten<\/strong>). Das war f\u00fcr unseren <strong>Stabf\u00fchrer Thomas Sch\u00f6pf<\/strong> das sch\u00f6nste <strong>Abschiedsgeschen<\/strong>k das er mit der MK-Huben erleben durfte. Auch ein Austauschkonzert in Mieders im Stubaital stand auf dem Programm.\n\n<img loading=\"lazy\" decoding=\"async\" class=\"aligncenter size-medium wp-image-2878\" src=\"http:\/\/www.musikkapellehuben.at\/mkneu\/wp-content\/uploads\/2023\/07\/IMG_7241-632x407.jpeg\" alt=\"\" width=\"632\" height=\"407\" srcset=\"http:\/\/www.musikkapellehuben.at\/mkneu\/wp-content\/uploads\/2023\/07\/IMG_7241-632x407.jpeg 632w, http:\/\/www.musikkapellehuben.at\/mkneu\/wp-content\/uploads\/2023\/07\/IMG_7241-1020x657.jpeg 1020w, http:\/\/www.musikkapellehuben.at\/mkneu\/wp-content\/uploads\/2023\/07\/IMG_7241-768x495.jpeg 768w, http:\/\/www.musikkapellehuben.at\/mkneu\/wp-content\/uploads\/2023\/07\/IMG_7241.jpeg 1124w\" sizes=\"(max-width: 632px) 100vw, 632px\" \/>\nBei unserem letzten TVB-Konzert in Huben haben wir <strong>offiziell<\/strong> unseren Kapellmeister <strong>Alexander Gr\u00fcner<\/strong> verabschiedet. Die Bev\u00f6lkerung von Huben und viele Wegbegleiter waren gekommen um Alex danke zu sagen und im alles Gute zu w\u00fcnschen. Die<strong> MK-Huben<\/strong> bedankte sich ebenfalls mit einem Geschenk f\u00fcr <strong>17 Jahre Kapellmeister.<\/strong> Aber auch unser <strong>Stabf\u00fchrer Thomas Sch\u00f6pf<\/strong> wurde verabschiedet und auch bei Ihm bedankten wir uns f\u00fcr<strong> 20 Jahre Stabf\u00fchrer<\/strong> bei der Musikkapelle Huben.\n\n<img loading=\"lazy\" decoding=\"async\" class=\"aligncenter size-medium wp-image-2946\" src=\"http:\/\/www.musikkapellehuben.at\/mkneu\/wp-content\/uploads\/2023\/09\/IMG_7612-632x386.jpeg\" alt=\"\" width=\"632\" height=\"386\" srcset=\"http:\/\/www.musikkapellehuben.at\/mkneu\/wp-content\/uploads\/2023\/09\/IMG_7612-632x386.jpeg 632w, http:\/\/www.musikkapellehuben.at\/mkneu\/wp-content\/uploads\/2023\/09\/IMG_7612-1020x623.jpeg 1020w, http:\/\/www.musikkapellehuben.at\/mkneu\/wp-content\/uploads\/2023\/09\/IMG_7612-768x469.jpeg 768w, http:\/\/www.musikkapellehuben.at\/mkneu\/wp-content\/uploads\/2023\/09\/IMG_7612.jpeg 1124w\" sizes=\"(max-width: 632px) 100vw, 632px\" \/>\n\nEine ganz besondere Auszeichnung erhielt die <strong>Musikkapelle Huben am 26. Oktober 2023 in Innsbruc<\/strong>k am Landhausplatz wo die gesamt Musikkapelle ein Konzert gespielt hat und dann <strong>den Blasmusikpreis 2023<\/strong> <strong>vom Land Tirol in der Stufe \"C-D\"<\/strong> entgegen genommen  haben. Eine Auszeichnung f\u00fcr jahrelange hervorragende Vereinsarbeit, f\u00fcr Vorbildwirkung in der Region, f\u00fcr soziale Arbeit und Vorbildhafte Jugendarbeit. Der Vorstand und die Mitglieder der MK-Huben haben sich riesig \u00fcber die Auszeichnung gefreut.\n\n<img loading=\"lazy\" decoding=\"async\" class=\"aligncenter size-medium wp-image-2963\" src=\"http:\/\/www.musikkapellehuben.at\/mkneu\/wp-content\/uploads\/2023\/10\/IMG_7870-632x591.jpeg\" alt=\"\" width=\"632\" height=\"591\" srcset=\"http:\/\/www.musikkapellehuben.at\/mkneu\/wp-content\/uploads\/2023\/10\/IMG_7870-632x591.jpeg 632w, http:\/\/www.musikkapellehuben.at\/mkneu\/wp-content\/uploads\/2023\/10\/IMG_7870-1020x954.jpeg 1020w, http:\/\/www.musikkapellehuben.at\/mkneu\/wp-content\/uploads\/2023\/10\/IMG_7870-768x718.jpeg 768w, http:\/\/www.musikkapellehuben.at\/mkneu\/wp-content\/uploads\/2023\/10\/IMG_7870-1140x1066.jpeg 1140w, http:\/\/www.musikkapellehuben.at\/mkneu\/wp-content\/uploads\/2023\/10\/IMG_7870.jpeg 1400w\" sizes=\"(max-width: 632px) 100vw, 632px\" \/>\nIm Herbst 2023 wurde dann bei der Jahreshauptversammlung endg\u00fcltig der <strong>Taktstock von Alexander Gr\u00fcner<\/strong> an unseren <strong>neuen Kapellmeister Romed Ennemoser<\/strong> \u00fcbergeben, der schon mit viel Tatendrang auf seine neue Aufgabe herangegangen ist. Aber auch der<strong> Stabf\u00fchrer wurde von Thomas Sch\u00f6pf<\/strong> an den jungen <strong>Musikanten Jonas Klotz<\/strong> \u00fcbergeben. somit war ein gro\u00dfer Teil des Generationswechsels vollzogen, aber gleichzeitig auch der <strong>Obmannwechsel im n\u00e4chsten Jahr angek\u00fcndigt.\n<\/strong>\n<strong>2024<\/strong>\nMit dem Adventkonzert hatte unser neue Kapellmeister seinen ersten gro\u00dfen Auftritt. Dann ging es in die Winterproben wo wir uns auf eine Konzertwertung in Haiming vorbereitet hatten. Mit einem Probetag  (Referent Stefan K\u00f6hle) und der Teilnahme von drei <strong>Vereinseigenen Gruppen beim \"Spiel in kleinen Gruppen\"<\/strong> wurde im Winter intensiv geprobt. Das Ergebnis konnte sich sehn lassen, so haben wir beim <strong>Bez.-Wertungsspiel in der Stufe \"D\"<\/strong> wiederum den <strong>Tagessieg mit der Punkteanzahl von 92,67<\/strong> eine <strong>\"Galdmedailie mit Auszeichnung\"<\/strong> mit nach Huben nehmen k\u00f6nnen. Ein sehr verdienter und auch w\u00fcrdiger Einstand f\u00fcr unseren neuen Kapellmeister <strong>Romed Ennemoser<\/strong>. DAS Fr\u00fchjahrkonzert war dann ein beachtlicher Erfolg und das Herz-Jesu-Konzert wurde als <strong>Benefit-Veranstaltung f\u00fcr Markus Haid<\/strong> organisiert.\n\n<img loading=\"lazy\" decoding=\"async\" class=\"aligncenter size-medium wp-image-3295\" src=\"http:\/\/www.musikkapellehuben.at\/mkneu\/wp-content\/uploads\/2024\/04\/img_0332-2-1-632x407.jpg\" alt=\"\" width=\"632\" height=\"407\" srcset=\"http:\/\/www.musikkapellehuben.at\/mkneu\/wp-content\/uploads\/2024\/04\/img_0332-2-1-632x407.jpg 632w, http:\/\/www.musikkapellehuben.at\/mkneu\/wp-content\/uploads\/2024\/04\/img_0332-2-1-1020x657.jpg 1020w, http:\/\/www.musikkapellehuben.at\/mkneu\/wp-content\/uploads\/2024\/04\/img_0332-2-1-768x495.jpg 768w, http:\/\/www.musikkapellehuben.at\/mkneu\/wp-content\/uploads\/2024\/04\/img_0332-2-1.jpg 1125w\" sizes=\"(max-width: 632px) 100vw, 632px\" \/>\n\nGemeinsam mit der <strong>Feuerwehr von Huben<\/strong> haben wir im Juni das beliebte<strong> Kastelruther-Spatzenfes<\/strong>t als <strong>Freundschaftskonzert<\/strong> mit sehr viel Erfolg organisiert. Ein gro\u00dfer Auftritt war auch vor und nach den \"Spatzen\" f\u00fcr die \"H\u00fcebar Musikontn\" und der \"H\u00fcebar B\u00f6hmische\" vor \u00fcber tausend Besuchern\n\n<img loading=\"lazy\" decoding=\"async\" class=\"aligncenter size-medium wp-image-3477\" src=\"http:\/\/www.musikkapellehuben.at\/mkneu\/wp-content\/uploads\/2024\/06\/f3a616c5-9a27-452c-a2d3-43173862176d-1-632x366.jpg\" alt=\"\" width=\"632\" height=\"366\" srcset=\"http:\/\/www.musikkapellehuben.at\/mkneu\/wp-content\/uploads\/2024\/06\/f3a616c5-9a27-452c-a2d3-43173862176d-1-632x366.jpg 632w, http:\/\/www.musikkapellehuben.at\/mkneu\/wp-content\/uploads\/2024\/06\/f3a616c5-9a27-452c-a2d3-43173862176d-1-768x444.jpg 768w, http:\/\/www.musikkapellehuben.at\/mkneu\/wp-content\/uploads\/2024\/06\/f3a616c5-9a27-452c-a2d3-43173862176d-1.jpg 828w\" sizes=\"(max-width: 632px) 100vw, 632px\" \/>\n\nAm Ende des Sommers konnten wir erstmals das Konzert f\u00fcr unserer Ehrenmitglieder <strong>\"Ehre wem Ehre geb\u00fchrt\"<\/strong> mit viel Erfolg durchf\u00fchren. Beim Letzten Konzert verabschiedeten wir unsern<strong> Obmann Werner Klot<\/strong>z und sagten ein gro\u00dfes Danke f\u00fcr seine <strong>24 Jahre lange T\u00e4tigkeit als Obmann der MK-Huben<\/strong>. Im Herbst ging es gemeinsam mit unserer Jugendkapelle \"HULA \u00fcber das Timmelsjoch nach Moos im Passeier wo wir ein Austauschkonzert spielten. Die C\u00e4ciliafeier am Feuerstein rundete unser Jahr 2024 ab.\nBei der Jahreshauptversammlung gab es Neuwahlen vom gesamten Ausschu\u00df wo der <strong>Generationswechse<\/strong>l der <strong>letzten beiden Jahre abgeschlossen<\/strong> wurde.\n\n<img loading=\"lazy\" decoding=\"async\" class=\"aligncenter size-medium wp-image-3533\" src=\"http:\/\/www.musikkapellehuben.at\/mkneu\/wp-content\/uploads\/2024\/09\/2616a6cf-756b-4c18-a92b-349d499b1afc-1-632x843.jpg\" alt=\"\" width=\"632\" height=\"843\" srcset=\"http:\/\/www.musikkapellehuben.at\/mkneu\/wp-content\/uploads\/2024\/09\/2616a6cf-756b-4c18-a92b-349d499b1afc-1-632x843.jpg 632w, http:\/\/www.musikkapellehuben.at\/mkneu\/wp-content\/uploads\/2024\/09\/2616a6cf-756b-4c18-a92b-349d499b1afc-1-1020x1360.jpg 1020w, http:\/\/www.musikkapellehuben.at\/mkneu\/wp-content\/uploads\/2024\/09\/2616a6cf-756b-4c18-a92b-349d499b1afc-1-768x1024.jpg 768w, http:\/\/www.musikkapellehuben.at\/mkneu\/wp-content\/uploads\/2024\/09\/2616a6cf-756b-4c18-a92b-349d499b1afc-1-1152x1536.jpg 1152w, http:\/\/www.musikkapellehuben.at\/mkneu\/wp-content\/uploads\/2024\/09\/2616a6cf-756b-4c18-a92b-349d499b1afc-1-1140x1520.jpg 1140w, http:\/\/www.musikkapellehuben.at\/mkneu\/wp-content\/uploads\/2024\/09\/2616a6cf-756b-4c18-a92b-349d499b1afc-1.jpg 1200w\" sizes=\"(max-width: 632px) 100vw, 632px\" \/>\n<\/pre>\n<div style=\"text-align: center;\">\n<div class=\"paragraph paraTypeText\">\n<h2 id=\"017346_70cee1_St_Martin_Geschichte_fuer_Kinder_zum_Vorlesen\"><\/h2>\n<\/div>\n<\/div>\n<div style=\"text-align: center;\"><\/div>\n<div style=\"text-align: center;\">\n<div class=\"paragraph paraTypeText\">\n<div><\/div>\n<\/div>\n<\/div>\n<div style=\"text-align: center;\">\n<div class=\"paragraph paraTypeInteresting-articles\">\n<div class=\"snippet teaser__item teaser__item--standardteaser ds-1col clearfix\">\n<div class=\"teaser__media\">\n<figure class=\"media media--size-1-1\">\n<div class=\"media__image-wrapper\"><\/div>\n<\/figure>\n<\/div>\n<div class=\"teaser__caption\">\n<div class=\"teaser__text\"><\/div>\n<\/div>\n<\/div>\n<\/div>\n<\/div>\n<div style=\"text-align: center;\"><\/div>\n<div style=\"text-align: center;\">\n<div class=\"paragraph paraTypeText\">\n<div><\/div>\n<\/div>\n<\/div>\n<pre style=\"text-align: center;\"><\/pre>\n","protected":false},"excerpt":{"rendered":"<p>Gegr\u00fcndet\u00a0wurde die Musikkapelle Huben im Jahre\u00a01925 von Franz Ambacher, einem Schlossermeister aus der Bezirksstadt Imst. Nur durch die Spenden gro\u00dfz\u00fcgiger G\u00f6nner war es m\u00f6glich, das Geld f\u00fcr den Instrumentenkauf aufzubringen. Der erste Auftritt\u00a0erfolgte am\u00a011.11.1925- dem Tag des Hubener Kirchenpatroziniums. Zu dieser Zeit wird wohl der Gro\u00dfteil der Auftritte in erster Linie kirchlichen Anl\u00e4ssen gedient haben und erst an zweiter Stelle rangierte der gesellschaftlich &#8211; unterhaltende Aufgabenbereich. Doch mit Beginn des Krieges endete der erste Abschnitt der nunmehr 80 j\u00e4hrigen Geschichte der Musikkapelle Huben. Nach dem Weltkrieg, am 11.11.1947, wurde die Musikkapelle trotz vieler Probleme von einigen Idealisten neu\u00a0gegr\u00fcndet. Als\u00a0Kapellmeisterfungierte der Lehrer\u00a0Ernst Taschler,\u00a0Obmann\u00a0war\u00a0Alois Sch\u00f6pf. Am 03.06.1962konnten neue Instrumente (27 St\u00fcck) geweiht werden. Im Jahre 1964\u00a0wurde\u00a0erstmalig das Bezirksmusikfest in Huben\u00a0veranstaltet.1966- die erste Konzertreise ins Ausland f\u00fchrte die Musikkapelle Huben nach Sindelfingen\/BRD. Weitere Auslandsfahrten folgten 1967, 1969, 1979, 1983, 1984, 1996 (alle BRD), und 2003 Mechelen in Belgien. Am\u00a027.08.1987\u00a0wurde der neue Musikpavillon in Beisein von viel Prominenz eingeweiht \u2013 ein Meilenstein in der Geschichte der Musikkapelle.20 Jahre, von\u00a01972 bis 1993, leitete\u00a0Franz Josef Hausegger\u00a0als\u00a0Kapellmeister\u00a0die Musikkapelle Huben. Von\u00a01993\u00a0bis zum Jahre\u00a02006\u00a0war\u00a0Kapellmeister Andreas Gr\u00fcner\u00a0f\u00fcr die musikalische Leitung verantwortlich. Seit\u00a02006\u00a0bis zum heutigen Tage leitet\u00a0Alexander Gr\u00fcner\u00a0die Musikkapelle Huben. Seit 1994\u00a0ist es m\u00f6glich, der Musikkapelle als \u201cpassives Mitglied\u201d beizutreten und diese finanziell zu unterst\u00fctzen. Am\u00a003.08.1997\u00a0konnte das neue Probelokal eingeweiht werden. 28.05.2003\u00a0&#8211; Erstmals hat die Musikkapelle Huben ein Fr\u00fchjahrskonzert (Gemeindesaal L\u00e4ngenfeld) veranstaltet. In den vergangenen Jahren konnte die Musikkapelle Huben viele Menschen \u2013 Einheimische und G\u00e4sten \u2013 bei unz\u00e4hligen Konzerten, Festveranstaltungen, kirchlichen und gesellschaftlichen Anl\u00e4ssen, viel Freude bereiten. In dieser Zeit hat die Musikkapelle Huben, dank der begeisterungsf\u00e4higen Musikanten und einer zukunftsorientierten F\u00fchrung gro\u00dfe Fortschritte gemacht \u2013 quantitative, aber besonders qualitative und einen rasanten Schritt nach vorn gemacht. Durch\u00a0gro\u00dfartige Erfolge bei Konzertwertungsspielen, Marschmusikbewertungen und Konzertauftritten\u00a0hat sich die Musikkapelle Huben weit \u00fcber die regionalen Grenzen hinaus einen guten Namen\u00a0gemacht. Bis zum\u00a0Jahre 2000\u00a0hat\u00a0Langzeitobmann Wolfgang Jenewein 23.Jahre die Geschicke der MK-Huben Organisatorisch unter sich.\u00a0Seit dem\u00a0Jahre 2000\u00a0ist\u00a0Klotz Werner\u00a0f\u00fcr die Geschicke der MK-Huben verantwortlich. In der Musikkapelle Huben wurde immer mehr Wert auf die\u00a0Ausbildung der Jungmusikanten\u00a0gelegt und so konnte der Zuwachs und die Qualit\u00e4t der Musikkapelle Huben gesteigert werden. Im\u00a0Jahre 2005\u00a0hat die Musikkapelle Huben ein Gro\u00dfprojekt unter dem Titel\u00a0\u201eFaszination Blasmusik\u201c\u00a0ins Leben gerufen. Gemeinsam mit der\u00a0MK-L\u00e4ngenfeld\u00a0spielten\u00a0120 Musikanten\u00a0auf einer B\u00fchne\u00a0\u201e den Traum eines Reservisten\u201c\u00a0mit gro\u00dfer Videoleinwand im Alten Badl in L\u00e4ngenfeld. 2 Auff\u00fchrung war beim Bezirksmusikfest das die Musikkapelle Huben selbst veranstaltete. 2006\u00a0hat die Musikkapelle Huben ihren\u00a01. Tontr\u00e4ger\u00a0produziert.\u00a0Die CD\u00a0mit dem Titel\u00a0\u201eFreunde der Blasmusik\u201c\u00a0beinhaltet 13. Werke und war wohl das Abschiedsgeschenk von unserem sehr gesch\u00e4tzten\u00a0Kapellmeister Andreas Gr\u00fcner. In den Folgenden Jahren hatten wir noch Auslandsfahrten nach Platt im Passeiertal (S\u00fcdtirol) und Sterzing\u00a0(S\u00fcdtirol). 2006\u00a0wurde noch der Ger\u00e4teschuppen gemeinsam mit der FF-Huben am Rande des Pavillonplatzes errichtet. 2008\u00a0wurde der Pavillonplatz von der Gemeinde L\u00e4ngenfeld im Zuge der Dorferneuerung gestaltet, Gepflastert und Parkpl\u00e4tze Ausgewiesen. 2009\u00a0war wieder ein gro\u00dfer H\u00f6hepunkt der Musikkapelle Huben. Anl\u00e4sslich der 200 Jahr-Feier Tiroler Freiheitskampf hat sich die Musikkapelle Huben und L\u00e4ngenfeld entschlossen erneut ein Gro\u00dfprojekt auf die Beine zu stellen. Unter dem Titel \u201eFaszination Blasmusik\u201c wurde das Werk\u00a0\u201eTirol 1809\u201c\u00a0von beiden Kapellen zusammen viermal auf \u00fcbergro\u00dfen B\u00fchnen mit Beschallung, Videoleinwand, Film (die Freiheit des Adlers) aufgef\u00fchrt (in L\u00e4ngenfeld Altes Badl, Huben Pavillon, St.Leonhard im Passeier und beim Stammg\u00e4stetreffen in L\u00e4ngenfeld). 2010 Die Musikkapelle Huben und die Musikkapelle L\u00e4ngenfeld pflegen eine immer intensivere Zusammenarbeit. So wird regelm\u00e4\u00dfig ein Tourismuskonzert von der MK-Huben in L\u00e4ngenfeld gespielt und genauso die MK-L\u00e4ngenfeld in Huben. Auch treten die beiden Kapellen gegen\u00fcber der \u00f6ffentlichen Stellen immer gemeinsam auf und sind somit eine St\u00e4rke im \u00f6ffentlichen Leben in der Gemeinde und im Musikbezirk. Das f\u00fchrte auch dazu, da\u00df im Jahre 2010 gemeinsam eine Jugendkapelle mit dem Namen HULA gegr\u00fcndet wurde. HULA bedeutet Jugendkapelle Huben L\u00e4ngenfeld und wurde von unserem Obmann Werner Klotz ins Leben gerufen.\u00a0Beide Kapellen stellten gemeinsam eine ca. 45 Personen starke Jugendkapelle die Ihren ersten Auftritt beim Tag der Jugend beim Bez.-Musikfest in L\u00e4ngenfeld absolvierte.\u00a0Musikalische Leiter der Kapelle waren unsere Kapellmeister Alexander Gr\u00fcner und Klotz Florian von der Musikkapelle L\u00e4ngenfeld Im\u00a0J\u00e4nner 2011\u00a0bekam die Musikkapelle Huben die M\u00f6glichkeit mit der Musikkapelle L\u00e4ngenfeld beim\u00a0Tiroler Ball in Wien\u00a0mit zu wirken. Die Region \u00d6tztal wurde beauftragt das Wochenende in Wien zu Organisieren. Der Absolute H\u00f6hepunkt war wohl\u00a0die Messe im Stephansdom\u00a0mit ca. 100 Musikanten und verschiedenen Ch\u00f6ren aus dem \u00d6tztal. Im Fr\u00fchjahr\u00a02011\u00a0errichtete die Musikkapelle Huben mit den Vereinen von Huben und der Gemeinde L\u00e4ngenfeld die\u00a0Pavillonvorplatz\u00fcberdachung. Somit sind wir nun im Besitz eines Veranstaltungszentrums mit Pavillon und Probelokal das seinesgleichen sucht. Bei der Bez.-Marschmusikbewertung trat die Musikkapelle Huben erstmals in der Stufe E mit gro\u00dfem Erfolg an. Seit\u00a02011\u00a0gehen die Musikantinnen der Musikkapelle Huben in \u00d6tztaler Tracht. 2012 Die Musikkapelle Huben hat immer gr\u00f6\u00dfere finanzielle Ausgaben durch die vielen Mitglieder. Deshalb hat die Musikkapelle Huben sich entschlossen das Bez.-Musikfest durch zu f\u00fchren. Viel Arbeit und und ein gelungenes Fest, obwohl es bei der Messe geregnet hat wurden zum Schluss belohnt. Beim Fr\u00fchjahrskonzert durfte die Musikkapelle erstmals im neu renovierten Gemeindesaal spielen der jetzt besser auf die Musikkapellen abgestimmt ist. 2013 Die Musikkapelle Huben hat seit einigen Jahren immer schon einen Mitgliederstand um die 60 Leute incl. 5 Marketenderinnen. Die Aufm\u00e4rsche zu den Konzerten beim Pavillon wurden ab den letzten Jahr immer mit einem Showteil absolviert und hatte gro\u00dfen Anklang bei G\u00e4sten und Einheimischen. Verst\u00e4rkt setzte die Musikkapelle Huben auf das Marschieren mit Stra\u00dfenshow und besonders lag der Fokus um die Jungen Mitglieder zu begeistern. 2014 Ein kleiner Zubau erweitere unser Pavillon. Ein Abstellraum f\u00fcr das Schlagzeug wurde in Eigenregie der Musikanten gebaut. F\u00fcr die Kameradschaft wurde ein Ausflug nach Neumarkt am Wallersee organisiert wo wir einen Aufmarsch und ein Konzert gaben, am 2. Tag wurde die Stiegl-Brauerei besichtigt. 2015\u00a0 Das erste mal im Bezirk Imst wurde das Bez.-Musikfest und der Bez.-Feuerwehrwettbewerb gemeinsam am gleichen Wochenende ausgetragen. Die MK-Huben und die FF-Huben waren die Veranstalter und haben einen n\u00e4chsten Trend in Sachen Bez.-Veranstaltungen gesetzt. Durch die gute Zusammenarbeit mit der FF-Huben haben wir ein tolles Fest veranstaltet. Im Herbst konzertierte die Musikkapelle Huben in Kirchdorf im Unterinntal. Zum Schulbeginn f\u00fchrte die MK-Huben gemeinsam mit der Volksschule Huben und der Landesmusikschule \u00d6tztal eine Bl\u00e4serklasse ein, die gleich mit 14 Sch\u00fclern startete. 2016 Alle drei Jahre nimmt die Musikkapelle Huben am Bez.-Wertungsspiel teil dieses Jahr ebenso, mit der h\u00f6chsten Punkteanzahl in der Stufe C erreichten wir eine Goldmedaille mit Auszeichnung. Zudem konnte das Tenorhornregister den Registerpreis mit nach Hause nehmen Zum Sommerbeginn Veranstaltete die &#8222;Huebar B\u00f6hmische&#8220; gemeinsam mit der Bl\u00e4serklasse das Sommerer\u00f6ffnungskonzert beim Pavillon. 2017 Einen intensiven Sommer erlebte die Musikkapelle in diesem Jahr.\u00a0Mit\u00a0\u00a0einem Gemeinschaftsprojekt mit der Chorgemeinschaft Huben wurde das Fr\u00fchjahrskonzert absolviert. Anfang Juli hatten wir die gro\u00dfe Ehre gemeinsam das erlernte im Zuge der Promenadenkonzerte bei der Hofburg in Innsbruck aufzuf\u00fchren. Ein gewaltiges Erlebnis f\u00fcr Musikkapelle und Chorgemeinschaft Huben. Im Juli beim Bez.-Musikfest in Silz nahmen wir bei der Marschmusikbewertung in Stufe E teil wo wir die h\u00f6chste Punkteanzahl erreichen konnten. Seit Jahren spielen wir jetzt schon im Zuge der Adventfenster in der Gemeinde L\u00e4ngenfeld ein Adventkonzert in der Pfarrkirche Huben das sehr beliebt ist und zu einem Fixpunkt in unserem Kalender geworden ist. 2018 Neben den immer dichter werdenden Terminkalender in der MK-Huben haben wir uns f\u00fcr eine Konzertreise nach Belgien entschlossen. Wir reisten mit dem Flugzeug und 57 Mitgliedern nach Mechelen, wo wir wie 2003 die Musikkapelle &#8220; Frolijke Frienden&#8220; die uns eingeladen hatten besuchten. Ein Aufmarsch durch die Fu\u00dfg\u00e4ngerzone und ein Konzert gaben wir zum Besten. Am Abend gaben wir ein Galakonzert im gro\u00dfen Saal von Mechelen wo wir mit der &#8222;Huebar B\u00f6hmischen&#8220; gemeinsam konzertierten. Die Jugendkapelle HULA hatte ihren ersten\u00a0politisch organisierten\u00a0Auftritt bei der 50. Jahrfeier der Timmelsjochstra\u00dfe wo wir die Aush\u00e4ngeschilder f\u00fcr ein gemeinsames Tirol waren. 2019 Das war wieder ein intensives Jahr f\u00fcr die Musikkapelle Huben. Die Jugendarbeit tr\u00e4gt Fr\u00fcchte eine ganze Schar an jungen Musikanten\/innen sind mit Eifer bei der Musikkapelle. fast jedes Jahr hatten wir Goldene Leistungsabzeichen und Musikschulabschl\u00fcsse zu feiern. Beim Konzertwertungsspiel in Haiming erspielten wir erstmals und die einzige Musikkapelle der Musikbezirkes in der Stufe D eine Goldmedaille. Im Herbst bekamen wir eine Anfrage zusammen mit der MK-L\u00e4ngenfeld und den Ch\u00f6ren der Gemeinde eine Messe im Petersdom zu Rom und ein Weihnachtskonzert am Petersplatz zu spielen. Nach einer intensiven Vorbereitungsphase konnten wir mit fast 200 Personen die Pilgerreise antreten. Ein unvergessliches Erlebnis die Messe im Petersdom, das St\u00e4ndchen f\u00fcr den Kardinal in der Sakristei und dann spielten wir noch f\u00fcr Papst Franziskus bei der Audienz wo er sich f\u00fcr die weihnachtlichen Gr\u00fc\u00dfe aus Tirol bedankte. 2020 Der Erfolg der letzten Jahre ist sicher auch den langj\u00e4hrigen Funktion\u00e4ren und den sehr aktiven Ausschuss geschuldet. So\u00a0hatten wir seit \u00fcber 40 Jahren nur zwei Obm\u00e4nner (Jenewein Wolfgang 23 Jahre und Klotz Werner 20 Jahre)\u00a0 seit fast 50 Jahren nur drei Kapellmeister (Hausegger Franz Josef 22 Jahre, Gr\u00fcner Andreas 13 Jahre und Gr\u00fcner Alexander 14 Jahre). Zudem hatten wir in den letzten 26 Jahren nur zwei Stabf\u00fchrer (Sch\u00f6pf Konrad 19 Jahre und Sch\u00f6pf Thomas 17 Jahre) Durch die Motivation der Romreise war das Neujahrspielen 2020 wieder ein voller Erfolg. Beim &#8222;Spiel in kleinen Gruppen&#8220; ist die Musikkapelle Huben mit vier Vereinseigenen Gruppen angetreten. Die Probearbeiten und ein Probeabend mit einem Gastdirigenten waren erfolgreich. Zwei Wochen vor dem Fr\u00fchjahrskonzert dann der Corona bedingte Stillstand. Es war nicht m\u00f6glich das Probelokal mit Musikanten zu f\u00fcllen und die Folge ein mehrmals verschobenes und schlie\u00dflich abgesagtes Fr\u00fchjahrskonzert. Die ersten Auftritte waren die Prozessionen und im Sommer die Tourismuskonzerte. Das geplante Bez.-Musikfest in Huben wurde abgesagt. Neu gegr\u00fcndet wurde in der Corona-Zeit die Junge Gruppe &#8222;d&#8217;Huebar Musikontn&#8220; die auch einige Auftritte machen konnten Die &#8222;Huebar Musikontn&#8220; gegr\u00fcndet im Jahre 2020 Eine intensive Probearbeit im Herbst f\u00fcr ein Herbstkonzert und das Adventkonzert wurden durch einen neuerlichen Lockdown gestoppt und es musste alles wieder abgesagt werden. Keine Konzerte, keine C\u00e4ciliafeier und keine Jahreshauptversammlung. Das Neujahranblasen 2021 musste ebenso abgesagt werden. Erst im Feber 2021 konnten wir wieder mit der Musikschule im Rahmen der Ausbildung mit kleinen Gruppen proben. Das Fr\u00fchjahrskonzert wurde neuerlich abgesagt. Die ersten Ausr\u00fcckungen waren wieder die Fronleichnam- und die Herz-Jesu-Prozession mit Konzert. Einen besonderen Auftritt konnte die Gruppe &#8222;d&#8217;Huebar B\u00f6hmische&#8220; verbuchen. Sie spielten bei der live Fernsehsendung &#8222;mei liabste Weis&#8220; mit Franzl Bosch das f\u00fcr unsere Spitzengruppe wohl zu eines der besonderen Ausr\u00fcckungen in Ihrer Bestandsgeschichte bleiben wird. Die Tourismuskonzerte fanden wieder statt und die Musikkapelle Huben veranstaltete wohl eines von wenigen Bezirksmusikfesten in Tirol 2021 mit beachtlichem Erfolg aber mit gro\u00dfen Sicherheitsauflagen Nach neuerlichen Proben im Herbst mussten wir ein zweites mal das Herbstkonzert und das Adventkonzert absagen. Die Gemeinde hat uns im Jahre 2021 einen Probelokalzubau erm\u00f6glicht der f\u00fcr uns Musikanten auch sehr herausfordernd war. Konnten wir doch zus\u00e4tzlich die Pavillonb\u00fchne vergr\u00f6\u00dfern und das Pavillon bekam eine Rundumerneuerung. Bis zum Einzug in das neue Probelokal leisteten die Musikanten-innen \u00fcber 900 freiwillige Stunden damit wir ein sch\u00f6nes Zuhause haben. Sehr erfreulich war es dass wir das Neujahranblasen am 1. J\u00e4nner 2022 wieder abhalten konnten und so musikalisch ins neue Jahr starteten. Die Freude war allen ins Gesicht geschrieben. Das Jahr 2022 war gepr\u00e4gt, da\u00df nach den Corona-Jahren wieder Normalit\u00e4t in das Vereinsleben eingekehrt war. So konnten wir Im Februar 2022 die Jahreshauptversammlungen f\u00fcr 2020 und 2021 nachholen und es wurden Neuwahlen durchgef\u00fchrt. Der gesamte Ausschu\u00df stellte sich zur Wiederwahl. Obwohl da schon der gro\u00dfe Generationswechsel in den n\u00e4chsten zwei Jahren angek\u00fcndigt wurde. Ein normales Fr\u00fchjahrskonzert wurde wieder abhalten obwohl erst ein paar Wochen vorher die Auflagen wegen Corona gelockert wurden. Das Herz-Jesu-Konzert und Bez.-Musikfest waren auch wieder ein tolles Erlebnis. Die Musikkapelle Huben spielte zudem beim Schmankerlfest in Stams auf und im Herbst besuchten wir die Musikkapelle Finkenberg im Zillertal und spielten da ein Abendkonzert im neuen Pavillon. Am n\u00e4chsten Tag wurde ein eint\u00e4giger Ausflug angeh\u00e4ngt um am Abend wieder zur\u00fcck ins \u00d6tztal zu reisen. Auch wurden die Weichen f\u00fcr das Bez.-Musikfest 2024 in Huben gestellt wo wir ja die 100-Jahr-Feier unseres Vereines begehen. 2023 Das Jahr 2023 war ein ganz intensives Jahr f\u00fcr die Musikkapelle und so wurde das ganze Jahr \u00fcber ein Teil des angek\u00fcndigten Generationswechsels durchgef\u00fchrt. Zuerst aber probten wir im Winter f\u00fcr das letzte Fr\u00fchjahrskonzert mit unserm verdienten Kapellmeister Alexander Gr\u00fcner. Dann machten wir uns auf zu den Marschproben im Fr\u00fchjahr da ja beim Bez.-Musikfest in&#8230;<\/p>\n","protected":false},"author":1,"featured_media":3477,"parent":0,"menu_order":0,"comment_status":"closed","ping_status":"open","template":"","meta":{"footnotes":""},"class_list":["post-390","page","type-page","status-publish","has-post-thumbnail","hentry"],"_links":{"self":[{"href":"http:\/\/www.musikkapellehuben.at\/mkneu\/wp-json\/wp\/v2\/pages\/390"}],"collection":[{"href":"http:\/\/www.musikkapellehuben.at\/mkneu\/wp-json\/wp\/v2\/pages"}],"about":[{"href":"http:\/\/www.musikkapellehuben.at\/mkneu\/wp-json\/wp\/v2\/types\/page"}],"author":[{"embeddable":true,"href":"http:\/\/www.musikkapellehuben.at\/mkneu\/wp-json\/wp\/v2\/users\/1"}],"replies":[{"embeddable":true,"href":"http:\/\/www.musikkapellehuben.at\/mkneu\/wp-json\/wp\/v2\/comments?post=390"}],"version-history":[{"count":20,"href":"http:\/\/www.musikkapellehuben.at\/mkneu\/wp-json\/wp\/v2\/pages\/390\/revisions"}],"predecessor-version":[{"id":3636,"href":"http:\/\/www.musikkapellehuben.at\/mkneu\/wp-json\/wp\/v2\/pages\/390\/revisions\/3636"}],"wp:featuredmedia":[{"embeddable":true,"href":"http:\/\/www.musikkapellehuben.at\/mkneu\/wp-json\/wp\/v2\/media\/3477"}],"wp:attachment":[{"href":"http:\/\/www.musikkapellehuben.at\/mkneu\/wp-json\/wp\/v2\/media?parent=390"}],"curies":[{"name":"wp","href":"https:\/\/api.w.org\/{rel}","templated":true}]}}